{"id":424,"date":"2025-03-26T21:13:10","date_gmt":"2025-03-26T20:13:10","guid":{"rendered":"https:\/\/abex.be\/?post_type=mec-events&#038;p=424"},"modified":"2025-04-23T10:42:21","modified_gmt":"2025-04-23T08:42:21","slug":"opleidingsdag-over-ai-en-chatgpt-292","status":"publish","type":"mec-events","link":"https:\/\/abex.be\/nl\/events\/journee-de-formation-aux-fondamentaux-et-maitrise-de-lia-et-chatgpt-292\/","title":{"rendered":"Juridische expertise - Sessie 16"},"content":{"rendered":"<h2>Basisopleiding in juridische expertise<\/h2>\n<h4>Van donderdag 21\/11\/2024 tot 06\/03\/2025<br \/>\nDe lessen vinden plaats op donderdag (behalve tijdens de eindejaarsvakantie) van 16.00 tot 19.00 uur, zowel persoonlijk als via videoconferentie.<\/h4>\n<h3>Programma<\/h3>\n<h5>burgerlijk recht - G\u00e9rard KUYPER - advocaat<\/h5>\n<ul>\n<li>Minnelijke expertise, juridische expertise, alternatieve geschillenbeslechting.<\/li>\n<li>Nationaal register van juristen<\/li>\n<li>Alternatieve geschillenbeslechting (vervolg) Vergoedingen en kosten in burgerlijke zaken<\/li>\n<li>Neutraliteit en het gedragsaspect van deskundigheid<\/li>\n<li>Rechterlijke organisatie, algemene beginselen van burgerlijk procesrecht<\/li>\n<li>Algemene rechtsbeginselen en bewijsmiddelen in burgerlijke zaken<\/li>\n<\/ul>\n<h5>STRAFRECHT - Antoine CHOM\u00c9 - Advocaat<\/h5>\n<ul>\n<li>Algemene beginselen van strafprocesrecht<\/li>\n<li>Algemene beginselen van het bewijsrecht in strafzaken en van het vooronderzoek in strafzaken<\/li>\n<li>Aanstelling van de gerechtelijk deskundige - Verrichten van onderzoek en opstellen van verslag in strafzaken - Rechtsbijstand - Prijzen van diensten in strafzaken<\/li>\n<\/ul>\n<h5>DESKUNDIGE PRAKTIJK<\/h5>\n<ul>\n<li>Aanstelling van de deskundige, uitvoering van het deskundigenonderzoek, betrokkenheid van de rechter<\/li>\n<\/ul>\n<h5>HET STANDPUNT VAN DE ADVOCAAT<\/h5>\n<ul>\n<li>Expertise vanuit het oogpunt van de advocaat<\/li>\n<\/ul>\n<h5>Pierre-Fran\u00e7ois VAN DEN DRIESCHE - Advocaat<\/h5>\n<ul>\n<li>Aansprakelijkheid, ethiek en verzekering van juridische deskundigen<\/li>\n<\/ul>\n<h5>James HUGHES Consultant en forensisch expert<\/h5>\n<ul>\n<li>Deskundigenverslagen in burgerlijke zaken<\/li>\n<\/ul>\n<p><strong>Datum certificeringsexamen :<\/strong> op 20\/03\/2025<br \/>\n<strong>Totale training meer dan 39 uur.<\/strong> De syllabus is bij de prijs inbegrepen.<\/p>","protected":false},"excerpt":{"rendered":"<p>Formation de base \u00e0 l\u2019expertise judiciaire Du jeudi 21\/11\/2024 au 06\/03\/2025 Les cours se donneront les jeudis (sauf pendant les cong\u00e9s de fin d\u2019ann\u00e9e) de 16h \u00e0 19h en pr\u00e9sentiel et en visio-conf\u00e9rence Programme DROIT CIVIL \u2013 G\u00e9rard KUYPER \u2013 Avocat Expertise amiable, expertise judiciaire, modes alternatifs de r\u00e8glement des conflits. Registre national des experts&hellip;<\/p>","protected":false},"author":1,"featured_media":129,"comment_status":"closed","ping_status":"closed","template":"","tags":[],"mec_category":[118,105],"class_list":["post-424","mec-events","type-mec-events","status-publish","has-post-thumbnail","hentry","mec_category-autres-formations","mec_category-formation-qualifiante-en-expertise-judiciaire","description-off"],"yoast_head":"<!-- This site is optimized with the Yoast SEO plugin v27.5 - https:\/\/yoast.com\/product\/yoast-seo-wordpress\/ -->\n<title>Expertise judiciaire \u2013 Session 16 - ABEX<\/title>\n<meta name=\"robots\" content=\"index, follow, max-snippet:-1, max-image-preview:large, max-video-preview:-1\" \/>\n<link rel=\"canonical\" href=\"https:\/\/abex.be\/nl\/evenementen\/opleidingsdag-over-ai-en-chatgpt-292\/\" \/>\n<meta property=\"og:locale\" content=\"nl_NL\" \/>\n<meta property=\"og:type\" content=\"article\" \/>\n<meta property=\"og:title\" content=\"Expertise judiciaire \u2013 Session 16 - ABEX\" \/>\n<meta property=\"og:description\" content=\"Formation de base \u00e0 l\u2019expertise judiciaire Du jeudi 21\/11\/2024 au 06\/03\/2025 Les cours se donneront les jeudis (sauf pendant les cong\u00e9s de fin d\u2019ann\u00e9e) de 16h \u00e0 19h en pr\u00e9sentiel et en visio-conf\u00e9rence Programme DROIT CIVIL \u2013 G\u00e9rard KUYPER \u2013 Avocat Expertise amiable, expertise judiciaire, modes alternatifs de r\u00e8glement des conflits. Registre national des experts&hellip;\" \/>\n<meta property=\"og:url\" content=\"https:\/\/abex.be\/nl\/evenementen\/opleidingsdag-over-ai-en-chatgpt-292\/\" \/>\n<meta property=\"og:site_name\" content=\"ABEX\" \/>\n<meta property=\"article:modified_time\" content=\"2025-04-23T08:42:21+00:00\" \/>\n<meta property=\"og:image\" content=\"https:\/\/abex.be\/wp-content\/uploads\/2025\/03\/AdobeStock_1084930191_Preview.jpeg\" \/>\n\t<meta property=\"og:image:width\" content=\"1000\" \/>\n\t<meta property=\"og:image:height\" content=\"667\" \/>\n\t<meta property=\"og:image:type\" content=\"image\/jpeg\" \/>\n<meta name=\"twitter:card\" content=\"summary_large_image\" \/>\n<meta name=\"twitter:label1\" content=\"Geschatte leestijd\" \/>\n\t<meta name=\"twitter:data1\" content=\"1 minuut\" \/>\n<script type=\"application\/ld+json\" class=\"yoast-schema-graph\">{\"@context\":\"https:\\\/\\\/schema.org\",\"@graph\":[{\"@type\":\"WebPage\",\"@id\":\"https:\\\/\\\/abex.be\\\/events\\\/journee-de-formation-aux-fondamentaux-et-maitrise-de-lia-et-chatgpt-292\\\/\",\"url\":\"https:\\\/\\\/abex.be\\\/events\\\/journee-de-formation-aux-fondamentaux-et-maitrise-de-lia-et-chatgpt-292\\\/\",\"name\":\"Expertise judiciaire \u2013 Session 16 - ABEX\",\"isPartOf\":{\"@id\":\"https:\\\/\\\/abex.be\\\/#website\"},\"primaryImageOfPage\":{\"@id\":\"https:\\\/\\\/abex.be\\\/events\\\/journee-de-formation-aux-fondamentaux-et-maitrise-de-lia-et-chatgpt-292\\\/#primaryimage\"},\"image\":{\"@id\":\"https:\\\/\\\/abex.be\\\/events\\\/journee-de-formation-aux-fondamentaux-et-maitrise-de-lia-et-chatgpt-292\\\/#primaryimage\"},\"thumbnailUrl\":\"https:\\\/\\\/abex.be\\\/wp-content\\\/uploads\\\/2025\\\/03\\\/AdobeStock_1084930191_Preview.jpeg\",\"datePublished\":\"2025-03-26T20:13:10+00:00\",\"dateModified\":\"2025-04-23T08:42:21+00:00\",\"breadcrumb\":{\"@id\":\"https:\\\/\\\/abex.be\\\/events\\\/journee-de-formation-aux-fondamentaux-et-maitrise-de-lia-et-chatgpt-292\\\/#breadcrumb\"},\"inLanguage\":\"nl-NL\",\"potentialAction\":[{\"@type\":\"ReadAction\",\"target\":[\"https:\\\/\\\/abex.be\\\/events\\\/journee-de-formation-aux-fondamentaux-et-maitrise-de-lia-et-chatgpt-292\\\/\"]}]},{\"@type\":\"ImageObject\",\"inLanguage\":\"nl-NL\",\"@id\":\"https:\\\/\\\/abex.be\\\/events\\\/journee-de-formation-aux-fondamentaux-et-maitrise-de-lia-et-chatgpt-292\\\/#primaryimage\",\"url\":\"https:\\\/\\\/abex.be\\\/wp-content\\\/uploads\\\/2025\\\/03\\\/AdobeStock_1084930191_Preview.jpeg\",\"contentUrl\":\"https:\\\/\\\/abex.be\\\/wp-content\\\/uploads\\\/2025\\\/03\\\/AdobeStock_1084930191_Preview.jpeg\",\"width\":1000,\"height\":667},{\"@type\":\"BreadcrumbList\",\"@id\":\"https:\\\/\\\/abex.be\\\/events\\\/journee-de-formation-aux-fondamentaux-et-maitrise-de-lia-et-chatgpt-292\\\/#breadcrumb\",\"itemListElement\":[{\"@type\":\"ListItem\",\"position\":1,\"name\":\"Accueil\",\"item\":\"https:\\\/\\\/abex.be\\\/\"},{\"@type\":\"ListItem\",\"position\":2,\"name\":\"\u00c9v\u00e9nements\",\"item\":\"https:\\\/\\\/abex.be\\\/events\\\/\"},{\"@type\":\"ListItem\",\"position\":3,\"name\":\"Expertise judiciaire \u2013 Session 16\"}]},{\"@type\":\"WebSite\",\"@id\":\"https:\\\/\\\/abex.be\\\/#website\",\"url\":\"https:\\\/\\\/abex.be\\\/\",\"name\":\"ABEX\",\"description\":\"Association belge des Experts - Associatie van Belgische experten\",\"publisher\":{\"@id\":\"https:\\\/\\\/abex.be\\\/#organization\"},\"potentialAction\":[{\"@type\":\"SearchAction\",\"target\":{\"@type\":\"EntryPoint\",\"urlTemplate\":\"https:\\\/\\\/abex.be\\\/?s={search_term_string}\"},\"query-input\":{\"@type\":\"PropertyValueSpecification\",\"valueRequired\":true,\"valueName\":\"search_term_string\"}}],\"inLanguage\":\"nl-NL\"},{\"@type\":\"Organization\",\"@id\":\"https:\\\/\\\/abex.be\\\/#organization\",\"name\":\"Association belge des Experts - Associatie van Belgische experten\",\"url\":\"https:\\\/\\\/abex.be\\\/\",\"logo\":{\"@type\":\"ImageObject\",\"inLanguage\":\"nl-NL\",\"@id\":\"https:\\\/\\\/abex.be\\\/#\\\/schema\\\/logo\\\/image\\\/\",\"url\":\"https:\\\/\\\/abex.be\\\/wp-content\\\/uploads\\\/2025\\\/07\\\/ABEX-old-logo-blue-281.png\",\"contentUrl\":\"https:\\\/\\\/abex.be\\\/wp-content\\\/uploads\\\/2025\\\/07\\\/ABEX-old-logo-blue-281.png\",\"width\":1024,\"height\":1024,\"caption\":\"Association belge des Experts - Associatie van Belgische experten\"},\"image\":{\"@id\":\"https:\\\/\\\/abex.be\\\/#\\\/schema\\\/logo\\\/image\\\/\"},\"sameAs\":[\"https:\\\/\\\/www.linkedin.com\\\/company\\\/abex-up\\\/\"]}]}<\/script>\n<!-- \/ Yoast SEO plugin. -->","yoast_head_json":{"title":"Juridische expertise - Sessie 16 - ABEX","robots":{"index":"index","follow":"follow","max-snippet":"max-snippet:-1","max-image-preview":"max-image-preview:large","max-video-preview":"max-video-preview:-1"},"canonical":"https:\/\/abex.be\/nl\/evenementen\/opleidingsdag-over-ai-en-chatgpt-292\/","og_locale":"nl_NL","og_type":"article","og_title":"Expertise judiciaire \u2013 Session 16 - ABEX","og_description":"Formation de base \u00e0 l\u2019expertise judiciaire Du jeudi 21\/11\/2024 au 06\/03\/2025 Les cours se donneront les jeudis (sauf pendant les cong\u00e9s de fin d\u2019ann\u00e9e) de 16h \u00e0 19h en pr\u00e9sentiel et en visio-conf\u00e9rence Programme DROIT CIVIL \u2013 G\u00e9rard KUYPER \u2013 Avocat Expertise amiable, expertise judiciaire, modes alternatifs de r\u00e8glement des conflits. Registre national des experts&hellip;","og_url":"https:\/\/abex.be\/nl\/evenementen\/opleidingsdag-over-ai-en-chatgpt-292\/","og_site_name":"ABEX","article_modified_time":"2025-04-23T08:42:21+00:00","og_image":[{"width":1000,"height":667,"url":"https:\/\/abex.be\/wp-content\/uploads\/2025\/03\/AdobeStock_1084930191_Preview.jpeg","type":"image\/jpeg"}],"twitter_card":"summary_large_image","twitter_misc":{"Geschatte leestijd":"1 minuut"},"schema":{"@context":"https:\/\/schema.org","@graph":[{"@type":"WebPage","@id":"https:\/\/abex.be\/events\/journee-de-formation-aux-fondamentaux-et-maitrise-de-lia-et-chatgpt-292\/","url":"https:\/\/abex.be\/events\/journee-de-formation-aux-fondamentaux-et-maitrise-de-lia-et-chatgpt-292\/","name":"Juridische expertise - Sessie 16 - ABEX","isPartOf":{"@id":"https:\/\/abex.be\/#website"},"primaryImageOfPage":{"@id":"https:\/\/abex.be\/events\/journee-de-formation-aux-fondamentaux-et-maitrise-de-lia-et-chatgpt-292\/#primaryimage"},"image":{"@id":"https:\/\/abex.be\/events\/journee-de-formation-aux-fondamentaux-et-maitrise-de-lia-et-chatgpt-292\/#primaryimage"},"thumbnailUrl":"https:\/\/abex.be\/wp-content\/uploads\/2025\/03\/AdobeStock_1084930191_Preview.jpeg","datePublished":"2025-03-26T20:13:10+00:00","dateModified":"2025-04-23T08:42:21+00:00","breadcrumb":{"@id":"https:\/\/abex.be\/events\/journee-de-formation-aux-fondamentaux-et-maitrise-de-lia-et-chatgpt-292\/#breadcrumb"},"inLanguage":"nl-NL","potentialAction":[{"@type":"ReadAction","target":["https:\/\/abex.be\/events\/journee-de-formation-aux-fondamentaux-et-maitrise-de-lia-et-chatgpt-292\/"]}]},{"@type":"ImageObject","inLanguage":"nl-NL","@id":"https:\/\/abex.be\/events\/journee-de-formation-aux-fondamentaux-et-maitrise-de-lia-et-chatgpt-292\/#primaryimage","url":"https:\/\/abex.be\/wp-content\/uploads\/2025\/03\/AdobeStock_1084930191_Preview.jpeg","contentUrl":"https:\/\/abex.be\/wp-content\/uploads\/2025\/03\/AdobeStock_1084930191_Preview.jpeg","width":1000,"height":667},{"@type":"BreadcrumbList","@id":"https:\/\/abex.be\/events\/journee-de-formation-aux-fondamentaux-et-maitrise-de-lia-et-chatgpt-292\/#breadcrumb","itemListElement":[{"@type":"ListItem","position":1,"name":"Accueil","item":"https:\/\/abex.be\/"},{"@type":"ListItem","position":2,"name":"\u00c9v\u00e9nements","item":"https:\/\/abex.be\/events\/"},{"@type":"ListItem","position":3,"name":"Expertise judiciaire \u2013 Session 16"}]},{"@type":"WebSite","@id":"https:\/\/abex.be\/#website","url":"https:\/\/abex.be\/","name":"ABEX","description":"Belgische expertenvereniging - Vereniging van Belgische experten","publisher":{"@id":"https:\/\/abex.be\/#organization"},"potentialAction":[{"@type":"SearchAction","target":{"@type":"EntryPoint","urlTemplate":"https:\/\/abex.be\/?s={search_term_string}"},"query-input":{"@type":"PropertyValueSpecification","valueRequired":true,"valueName":"search_term_string"}}],"inLanguage":"nl-NL"},{"@type":"Organization","@id":"https:\/\/abex.be\/#organization","name":"Belgische expertenvereniging - Vereniging van Belgische experten","url":"https:\/\/abex.be\/","logo":{"@type":"ImageObject","inLanguage":"nl-NL","@id":"https:\/\/abex.be\/#\/schema\/logo\/image\/","url":"https:\/\/abex.be\/wp-content\/uploads\/2025\/07\/ABEX-old-logo-blue-281.png","contentUrl":"https:\/\/abex.be\/wp-content\/uploads\/2025\/07\/ABEX-old-logo-blue-281.png","width":1024,"height":1024,"caption":"Association belge des Experts - Associatie van Belgische experten"},"image":{"@id":"https:\/\/abex.be\/#\/schema\/logo\/image\/"},"sameAs":["https:\/\/www.linkedin.com\/company\/abex-up\/"]}]}},"_links":{"self":[{"href":"https:\/\/abex.be\/nl\/wp-json\/wp\/v2\/mec-events\/424","targetHints":{"allow":["GET"]}}],"collection":[{"href":"https:\/\/abex.be\/nl\/wp-json\/wp\/v2\/mec-events"}],"about":[{"href":"https:\/\/abex.be\/nl\/wp-json\/wp\/v2\/types\/mec-events"}],"author":[{"embeddable":true,"href":"https:\/\/abex.be\/nl\/wp-json\/wp\/v2\/users\/1"}],"replies":[{"embeddable":true,"href":"https:\/\/abex.be\/nl\/wp-json\/wp\/v2\/comments?post=424"}],"wp:featuredmedia":[{"embeddable":true,"href":"https:\/\/abex.be\/nl\/wp-json\/wp\/v2\/media\/129"}],"wp:attachment":[{"href":"https:\/\/abex.be\/nl\/wp-json\/wp\/v2\/media?parent=424"}],"wp:term":[{"taxonomy":"post_tag","embeddable":true,"href":"https:\/\/abex.be\/nl\/wp-json\/wp\/v2\/tags?post=424"},{"taxonomy":"mec_category","embeddable":true,"href":"https:\/\/abex.be\/nl\/wp-json\/wp\/v2\/mec_category?post=424"}],"curies":[{"name":"wp","href":"https:\/\/api.w.org\/{rel}","templated":true}]}}