{"id":424,"date":"2025-03-26T21:13:10","date_gmt":"2025-03-26T20:13:10","guid":{"rendered":"https:\/\/abex.be\/?post_type=mec-events&#038;p=424"},"modified":"2025-04-23T10:42:21","modified_gmt":"2025-04-23T08:42:21","slug":"schulungstag-zu-ki-und-chatgpt-292","status":"publish","type":"mec-events","link":"https:\/\/abex.be\/de\/events\/journee-de-formation-aux-fondamentaux-et-maitrise-de-lia-et-chatgpt-292\/","title":{"rendered":"Gerichtliche Gutachten - Session 16"},"content":{"rendered":"<h2>Grundausbildung in forensischer Expertise<\/h2>\n<h4>Von Donnerstag 21\/11\/2024 bis 06\/03\/2025<br \/>\nDer Unterricht findet donnerstags (au\u00dfer in den Semesterferien) von 16:00 bis 19:00 Uhr in Pr\u00e4senzform und per Videokonferenz statt.<\/h4>\n<h3>Programm<\/h3>\n<h5>ZIVILRECHT - G\u00e9rard KUYPER - Rechtsanwalt<\/h5>\n<ul>\n<li>G\u00fctliche Gutachten, gerichtliche Gutachten, alternative Streitbeilegung.<\/li>\n<li>Nationales Register der Gerichtssachverst\u00e4ndigen<\/li>\n<li>Alternative Streitbeilegung (Fortsetzung) Honorare und Kosten in Zivilsachen<\/li>\n<li>Neutralit\u00e4t und Verhaltensaspekte in der Begutachtung<\/li>\n<li>Gerichtsorganisation, allgemeine Grunds\u00e4tze des Zivilprozessrechts<\/li>\n<li>Allgemeine Grunds\u00e4tze des Rechts und der Beweismittel in Zivilsachen<\/li>\n<\/ul>\n<h5>STRAFRECHT - Antoine CHOM\u00c9 - Rechtsanwalt<\/h5>\n<ul>\n<li>Allgemeine Grunds\u00e4tze des Strafprozessrechts<\/li>\n<li>Allgemeine Grunds\u00e4tze des Beweisrechts in Strafsachen und der Voruntersuchung in Strafsachen<\/li>\n<li>Bestellung des Gerichtssachverst\u00e4ndigen - Verlauf der Untersuchung und Bericht in Strafsachen - Gesetzliche Entsch\u00e4digung - Tarifierung von Leistungen in Strafsachen<\/li>\n<\/ul>\n<h5>EXPERTENPRAXIS<\/h5>\n<ul>\n<li>Ernennung des Sachverst\u00e4ndigen, Ablauf des Gutachtens, Eingreifen des Richters<\/li>\n<\/ul>\n<h5>RECHTSSTANDPUNKT<\/h5>\n<ul>\n<li>Das Gutachten aus der Sicht des Anwalts<\/li>\n<\/ul>\n<h5>Pierre-Fran\u00e7ois VAN DEN DRIESCHE - Rechtsanwalt<\/h5>\n<ul>\n<li>Verantwortung, Berufsethos und Versicherung des Gerichtssachverst\u00e4ndigen<\/li>\n<\/ul>\n<h5>James HUGHES Berater &amp; Gerichtssachverst\u00e4ndiger<\/h5>\n<ul>\n<li>Das Gutachten in Zivilsachen<\/li>\n<\/ul>\n<p><strong>Datum der zertifizierenden Pr\u00fcfung :<\/strong> am 20\/03\/2025<br \/>\n<strong>Gesamte Ausbildung \u00fcber 39 Stunden.<\/strong> Die Syllabus sind im Preis inbegriffen.<\/p>","protected":false},"excerpt":{"rendered":"<p>Grundausbildung zum gerichtlichen Sachverst\u00e4ndigen Donnerstag, 21.11.2024 bis 06.03.2025 Der Unterricht findet donnerstags (au\u00dfer in den Semesterferien) von 16:00 bis 19:00 Uhr in Pr\u00e4senzform und per Videokonferenz statt Programm ZIVILRECHT - G\u00e9rard KUYPER - Rechtsanwalt G\u00fctliche Begutachtung, gerichtliche Begutachtung, alternative Konfliktl\u00f6sungsmethoden. Nationales Register der Sachverst\u00e4ndigen...<\/p>","protected":false},"author":1,"featured_media":129,"comment_status":"closed","ping_status":"closed","template":"","tags":[],"mec_category":[118,105],"class_list":["post-424","mec-events","type-mec-events","status-publish","has-post-thumbnail","hentry","mec_category-autres-formations","mec_category-formation-qualifiante-en-expertise-judiciaire","description-off"],"yoast_head":"<!-- This site is optimized with the Yoast SEO plugin v27.5 - https:\/\/yoast.com\/product\/yoast-seo-wordpress\/ -->\n<title>Expertise judiciaire \u2013 Session 16 - ABEX<\/title>\n<meta name=\"robots\" content=\"index, follow, max-snippet:-1, max-image-preview:large, max-video-preview:-1\" \/>\n<link rel=\"canonical\" href=\"https:\/\/abex.be\/de\/events\/schulungstag-zu-ki-und-chatgpt-292\/\" \/>\n<meta property=\"og:locale\" content=\"de_DE\" \/>\n<meta property=\"og:type\" content=\"article\" \/>\n<meta property=\"og:title\" content=\"Expertise judiciaire \u2013 Session 16 - ABEX\" \/>\n<meta property=\"og:description\" content=\"Formation de base \u00e0 l\u2019expertise judiciaire Du jeudi 21\/11\/2024 au 06\/03\/2025 Les cours se donneront les jeudis (sauf pendant les cong\u00e9s de fin d\u2019ann\u00e9e) de 16h \u00e0 19h en pr\u00e9sentiel et en visio-conf\u00e9rence Programme DROIT CIVIL \u2013 G\u00e9rard KUYPER \u2013 Avocat Expertise amiable, expertise judiciaire, modes alternatifs de r\u00e8glement des conflits. Registre national des experts&hellip;\" \/>\n<meta property=\"og:url\" content=\"https:\/\/abex.be\/de\/events\/schulungstag-zu-ki-und-chatgpt-292\/\" \/>\n<meta property=\"og:site_name\" content=\"ABEX\" \/>\n<meta property=\"article:modified_time\" content=\"2025-04-23T08:42:21+00:00\" \/>\n<meta property=\"og:image\" content=\"https:\/\/abex.be\/wp-content\/uploads\/2025\/03\/AdobeStock_1084930191_Preview.jpeg\" \/>\n\t<meta property=\"og:image:width\" content=\"1000\" \/>\n\t<meta property=\"og:image:height\" content=\"667\" \/>\n\t<meta property=\"og:image:type\" content=\"image\/jpeg\" \/>\n<meta name=\"twitter:card\" content=\"summary_large_image\" \/>\n<meta name=\"twitter:label1\" content=\"Gesch\u00e4tzte Lesezeit\" \/>\n\t<meta name=\"twitter:data1\" content=\"1\u00a0Minute\" \/>\n<script type=\"application\/ld+json\" class=\"yoast-schema-graph\">{\"@context\":\"https:\\\/\\\/schema.org\",\"@graph\":[{\"@type\":\"WebPage\",\"@id\":\"https:\\\/\\\/abex.be\\\/events\\\/journee-de-formation-aux-fondamentaux-et-maitrise-de-lia-et-chatgpt-292\\\/\",\"url\":\"https:\\\/\\\/abex.be\\\/events\\\/journee-de-formation-aux-fondamentaux-et-maitrise-de-lia-et-chatgpt-292\\\/\",\"name\":\"Expertise judiciaire \u2013 Session 16 - ABEX\",\"isPartOf\":{\"@id\":\"https:\\\/\\\/abex.be\\\/#website\"},\"primaryImageOfPage\":{\"@id\":\"https:\\\/\\\/abex.be\\\/events\\\/journee-de-formation-aux-fondamentaux-et-maitrise-de-lia-et-chatgpt-292\\\/#primaryimage\"},\"image\":{\"@id\":\"https:\\\/\\\/abex.be\\\/events\\\/journee-de-formation-aux-fondamentaux-et-maitrise-de-lia-et-chatgpt-292\\\/#primaryimage\"},\"thumbnailUrl\":\"https:\\\/\\\/abex.be\\\/wp-content\\\/uploads\\\/2025\\\/03\\\/AdobeStock_1084930191_Preview.jpeg\",\"datePublished\":\"2025-03-26T20:13:10+00:00\",\"dateModified\":\"2025-04-23T08:42:21+00:00\",\"breadcrumb\":{\"@id\":\"https:\\\/\\\/abex.be\\\/events\\\/journee-de-formation-aux-fondamentaux-et-maitrise-de-lia-et-chatgpt-292\\\/#breadcrumb\"},\"inLanguage\":\"de\",\"potentialAction\":[{\"@type\":\"ReadAction\",\"target\":[\"https:\\\/\\\/abex.be\\\/events\\\/journee-de-formation-aux-fondamentaux-et-maitrise-de-lia-et-chatgpt-292\\\/\"]}]},{\"@type\":\"ImageObject\",\"inLanguage\":\"de\",\"@id\":\"https:\\\/\\\/abex.be\\\/events\\\/journee-de-formation-aux-fondamentaux-et-maitrise-de-lia-et-chatgpt-292\\\/#primaryimage\",\"url\":\"https:\\\/\\\/abex.be\\\/wp-content\\\/uploads\\\/2025\\\/03\\\/AdobeStock_1084930191_Preview.jpeg\",\"contentUrl\":\"https:\\\/\\\/abex.be\\\/wp-content\\\/uploads\\\/2025\\\/03\\\/AdobeStock_1084930191_Preview.jpeg\",\"width\":1000,\"height\":667},{\"@type\":\"BreadcrumbList\",\"@id\":\"https:\\\/\\\/abex.be\\\/events\\\/journee-de-formation-aux-fondamentaux-et-maitrise-de-lia-et-chatgpt-292\\\/#breadcrumb\",\"itemListElement\":[{\"@type\":\"ListItem\",\"position\":1,\"name\":\"Accueil\",\"item\":\"https:\\\/\\\/abex.be\\\/\"},{\"@type\":\"ListItem\",\"position\":2,\"name\":\"\u00c9v\u00e9nements\",\"item\":\"https:\\\/\\\/abex.be\\\/events\\\/\"},{\"@type\":\"ListItem\",\"position\":3,\"name\":\"Expertise judiciaire \u2013 Session 16\"}]},{\"@type\":\"WebSite\",\"@id\":\"https:\\\/\\\/abex.be\\\/#website\",\"url\":\"https:\\\/\\\/abex.be\\\/\",\"name\":\"ABEX\",\"description\":\"Association belge des Experts - Associatie van Belgische experten\",\"publisher\":{\"@id\":\"https:\\\/\\\/abex.be\\\/#organization\"},\"potentialAction\":[{\"@type\":\"SearchAction\",\"target\":{\"@type\":\"EntryPoint\",\"urlTemplate\":\"https:\\\/\\\/abex.be\\\/?s={search_term_string}\"},\"query-input\":{\"@type\":\"PropertyValueSpecification\",\"valueRequired\":true,\"valueName\":\"search_term_string\"}}],\"inLanguage\":\"de\"},{\"@type\":\"Organization\",\"@id\":\"https:\\\/\\\/abex.be\\\/#organization\",\"name\":\"Association belge des Experts - Associatie van Belgische experten\",\"url\":\"https:\\\/\\\/abex.be\\\/\",\"logo\":{\"@type\":\"ImageObject\",\"inLanguage\":\"de\",\"@id\":\"https:\\\/\\\/abex.be\\\/#\\\/schema\\\/logo\\\/image\\\/\",\"url\":\"https:\\\/\\\/abex.be\\\/wp-content\\\/uploads\\\/2025\\\/07\\\/ABEX-old-logo-blue-281.png\",\"contentUrl\":\"https:\\\/\\\/abex.be\\\/wp-content\\\/uploads\\\/2025\\\/07\\\/ABEX-old-logo-blue-281.png\",\"width\":1024,\"height\":1024,\"caption\":\"Association belge des Experts - Associatie van Belgische experten\"},\"image\":{\"@id\":\"https:\\\/\\\/abex.be\\\/#\\\/schema\\\/logo\\\/image\\\/\"},\"sameAs\":[\"https:\\\/\\\/www.linkedin.com\\\/company\\\/abex-up\\\/\"]}]}<\/script>\n<!-- \/ Yoast SEO plugin. -->","yoast_head_json":{"title":"Gerichtliche Gutachten - Session 16 - ABEX","robots":{"index":"index","follow":"follow","max-snippet":"max-snippet:-1","max-image-preview":"max-image-preview:large","max-video-preview":"max-video-preview:-1"},"canonical":"https:\/\/abex.be\/de\/events\/schulungstag-zu-ki-und-chatgpt-292\/","og_locale":"de_DE","og_type":"article","og_title":"Expertise judiciaire \u2013 Session 16 - ABEX","og_description":"Formation de base \u00e0 l\u2019expertise judiciaire Du jeudi 21\/11\/2024 au 06\/03\/2025 Les cours se donneront les jeudis (sauf pendant les cong\u00e9s de fin d\u2019ann\u00e9e) de 16h \u00e0 19h en pr\u00e9sentiel et en visio-conf\u00e9rence Programme DROIT CIVIL \u2013 G\u00e9rard KUYPER \u2013 Avocat Expertise amiable, expertise judiciaire, modes alternatifs de r\u00e8glement des conflits. Registre national des experts&hellip;","og_url":"https:\/\/abex.be\/de\/events\/schulungstag-zu-ki-und-chatgpt-292\/","og_site_name":"ABEX","article_modified_time":"2025-04-23T08:42:21+00:00","og_image":[{"width":1000,"height":667,"url":"https:\/\/abex.be\/wp-content\/uploads\/2025\/03\/AdobeStock_1084930191_Preview.jpeg","type":"image\/jpeg"}],"twitter_card":"summary_large_image","twitter_misc":{"Gesch\u00e4tzte Lesezeit":"1\u00a0Minute"},"schema":{"@context":"https:\/\/schema.org","@graph":[{"@type":"WebPage","@id":"https:\/\/abex.be\/events\/journee-de-formation-aux-fondamentaux-et-maitrise-de-lia-et-chatgpt-292\/","url":"https:\/\/abex.be\/events\/journee-de-formation-aux-fondamentaux-et-maitrise-de-lia-et-chatgpt-292\/","name":"Gerichtliche Gutachten - Session 16 - ABEX","isPartOf":{"@id":"https:\/\/abex.be\/#website"},"primaryImageOfPage":{"@id":"https:\/\/abex.be\/events\/journee-de-formation-aux-fondamentaux-et-maitrise-de-lia-et-chatgpt-292\/#primaryimage"},"image":{"@id":"https:\/\/abex.be\/events\/journee-de-formation-aux-fondamentaux-et-maitrise-de-lia-et-chatgpt-292\/#primaryimage"},"thumbnailUrl":"https:\/\/abex.be\/wp-content\/uploads\/2025\/03\/AdobeStock_1084930191_Preview.jpeg","datePublished":"2025-03-26T20:13:10+00:00","dateModified":"2025-04-23T08:42:21+00:00","breadcrumb":{"@id":"https:\/\/abex.be\/events\/journee-de-formation-aux-fondamentaux-et-maitrise-de-lia-et-chatgpt-292\/#breadcrumb"},"inLanguage":"de","potentialAction":[{"@type":"ReadAction","target":["https:\/\/abex.be\/events\/journee-de-formation-aux-fondamentaux-et-maitrise-de-lia-et-chatgpt-292\/"]}]},{"@type":"ImageObject","inLanguage":"de","@id":"https:\/\/abex.be\/events\/journee-de-formation-aux-fondamentaux-et-maitrise-de-lia-et-chatgpt-292\/#primaryimage","url":"https:\/\/abex.be\/wp-content\/uploads\/2025\/03\/AdobeStock_1084930191_Preview.jpeg","contentUrl":"https:\/\/abex.be\/wp-content\/uploads\/2025\/03\/AdobeStock_1084930191_Preview.jpeg","width":1000,"height":667},{"@type":"BreadcrumbList","@id":"https:\/\/abex.be\/events\/journee-de-formation-aux-fondamentaux-et-maitrise-de-lia-et-chatgpt-292\/#breadcrumb","itemListElement":[{"@type":"ListItem","position":1,"name":"Accueil","item":"https:\/\/abex.be\/"},{"@type":"ListItem","position":2,"name":"\u00c9v\u00e9nements","item":"https:\/\/abex.be\/events\/"},{"@type":"ListItem","position":3,"name":"Expertise judiciaire \u2013 Session 16"}]},{"@type":"WebSite","@id":"https:\/\/abex.be\/#website","url":"https:\/\/abex.be\/","name":"ABEX","description":"Association belge des Experts - Associatie van Belgische experten","publisher":{"@id":"https:\/\/abex.be\/#organization"},"potentialAction":[{"@type":"SearchAction","target":{"@type":"EntryPoint","urlTemplate":"https:\/\/abex.be\/?s={search_term_string}"},"query-input":{"@type":"PropertyValueSpecification","valueRequired":true,"valueName":"search_term_string"}}],"inLanguage":"de"},{"@type":"Organization","@id":"https:\/\/abex.be\/#organization","name":"Association belge des Experts - Associatie van Belgische experten","url":"https:\/\/abex.be\/","logo":{"@type":"ImageObject","inLanguage":"de","@id":"https:\/\/abex.be\/#\/schema\/logo\/image\/","url":"https:\/\/abex.be\/wp-content\/uploads\/2025\/07\/ABEX-old-logo-blue-281.png","contentUrl":"https:\/\/abex.be\/wp-content\/uploads\/2025\/07\/ABEX-old-logo-blue-281.png","width":1024,"height":1024,"caption":"Association belge des Experts - Associatie van Belgische experten"},"image":{"@id":"https:\/\/abex.be\/#\/schema\/logo\/image\/"},"sameAs":["https:\/\/www.linkedin.com\/company\/abex-up\/"]}]}},"_links":{"self":[{"href":"https:\/\/abex.be\/de\/wp-json\/wp\/v2\/mec-events\/424","targetHints":{"allow":["GET"]}}],"collection":[{"href":"https:\/\/abex.be\/de\/wp-json\/wp\/v2\/mec-events"}],"about":[{"href":"https:\/\/abex.be\/de\/wp-json\/wp\/v2\/types\/mec-events"}],"author":[{"embeddable":true,"href":"https:\/\/abex.be\/de\/wp-json\/wp\/v2\/users\/1"}],"replies":[{"embeddable":true,"href":"https:\/\/abex.be\/de\/wp-json\/wp\/v2\/comments?post=424"}],"wp:featuredmedia":[{"embeddable":true,"href":"https:\/\/abex.be\/de\/wp-json\/wp\/v2\/media\/129"}],"wp:attachment":[{"href":"https:\/\/abex.be\/de\/wp-json\/wp\/v2\/media?parent=424"}],"wp:term":[{"taxonomy":"post_tag","embeddable":true,"href":"https:\/\/abex.be\/de\/wp-json\/wp\/v2\/tags?post=424"},{"taxonomy":"mec_category","embeddable":true,"href":"https:\/\/abex.be\/de\/wp-json\/wp\/v2\/mec_category?post=424"}],"curies":[{"name":"wp","href":"https:\/\/api.w.org\/{rel}","templated":true}]}}